{"id":5700,"date":"2020-03-11T12:15:19","date_gmt":"2020-03-11T12:15:19","guid":{"rendered":"https:\/\/petersphotochannel.com\/neu\/"},"modified":"2022-09-22T08:57:30","modified_gmt":"2022-09-22T08:57:30","slug":"neu","status":"publish","type":"page","link":"https:\/\/petersphotochannel.com\/es\/neu\/","title":{"rendered":"novedades!"},"content":{"rendered":"\n\n\t<h3>NUEVAS CONTRIBUCIONES (cronol\u00f3gicas)<\/h3>\n<p>Aqu\u00ed todo est\u00e1 ordenado por fecha, lo que es nuevo en este sitio web, lo \u00faltimo siempre en la parte superior!<\/p>\n\t\t\t\t<img loading=\"lazy\" decoding=\"async\" src=\"https:\/\/petersphotochannel.com\/wp-content\/uploads\/2020\/03\/NEWSL_zeitung-300x203.jpg\" alt=\"Not\u00edcias\" itemprop=\"image\" height=\"203\" width=\"300\" title=\"Not\u00edcias\" onerror=\"this.style.display='none'\"  \/>\n\t\t\t\t<img loading=\"lazy\" decoding=\"async\" src=\"https:\/\/petersphotochannel.com\/wp-content\/uploads\/2022\/09\/1-1.jpg\" alt=\"1\" itemprop=\"image\" height=\"445\" width=\"640\" title=\"1\" onerror=\"this.style.display='none'\"  \/>\n<h3>21 de septiembre 2022<br \/>\nOBJETIVOS MAMIYA DE FORMATO MEDIO A PRECIOS DE CHATARRA<\/h3>\n<p>Durante mucho tiempo el competidor de HASSELBLAD, MAMIYA fue finalmente comprada por PHASE ONE &#8211; el fabricante de las c\u00e1maras m\u00e1s caras hasta la fecha.<\/p>\n<p>Este objetivo manual de formato medio MAMIYA 210mm f4 se puede comprar en eBay por menos de 200 euros. En esta SONY A 6600 con su sensor APS-C, este objetivo se convierte en un 315mm f4. Un regalo . . .<\/p>\n\t\t\t<a href=\"https:\/\/petersphotochannel.com\/es\/blog\/objetivos-mamiya\/\" target=\"_self\" role=\"button\" rel=\"noopener\">\n\t\t\t\t\t\t\tM\u00e1s informaci\u00f3n\n\t\t\t\t\t<\/a>\n\t\t\t\t<img loading=\"lazy\" decoding=\"async\" src=\"https:\/\/petersphotochannel.com\/wp-content\/uploads\/2022\/09\/HassyMitDigiback.jpg\" alt=\"HassyConDigitalBack\" itemprop=\"image\" height=\"480\" width=\"640\" title=\"HassyConDigitalBack\" onerror=\"this.style.display='none'\"  \/>\n<h3>14 de septiembre 2022<br \/>\nDIGITAL BACK CFV II 50C con HASSELBLAD 500<\/h3>\n<p>El respaldo digital CFV II 50C funciona perfectamente con todas las c\u00e1maras HASSELBLAD fabricadas entre 1947 y 2011.<\/p>\nLo f\u00e1cil que es es el tema de este blog.\n\n\t\t\t<a href=\"https:\/\/petersphotochannel.com\/es\/blog\/hasselblad-907x-con-cfv-ii-50c\/\" target=\"_self\" role=\"button\" rel=\"noopener\">\n\t\t\t\t\t\t\tM\u00e1s informaci\u00f3n\n\t\t\t\t\t<\/a>\n\t\t\t\t<img loading=\"lazy\" decoding=\"async\" src=\"https:\/\/petersphotochannel.com\/wp-content\/uploads\/2022\/09\/Infrarot3-scaled.jpg\" alt=\"Infrarojo\" itemprop=\"image\" height=\"1627\" width=\"2560\" title=\"Infrarojo\" onerror=\"this.style.display='none'\"  \/>\n\t<h3>07 de septiembre 2022<br \/>\nFotograf\u00eda infrarroja<\/h3>\n<p>La luz infrarroja no es visible para el ojo humano. Sin embargo, es posible modificar una c\u00e1mara para que pueda captar exactamente este espectro de luz.<\/p>\n<p>El resultado son im\u00e1genes surrealistas con un toque irreal. \u00a1Encantador!<\/p>\n<p>&nbsp;<\/p>\n\t\t\t<a href=\"https:\/\/petersphotochannel.com\/es\/blog\/fotografia-infrarroja-con-camara-leica\/\" target=\"_self\" role=\"button\" rel=\"noopener\">\n\t\t\t\t\t\t\tM\u00e1s informaci\u00f3n\n\t\t\t\t\t<\/a>\n\t\t\t\t<img loading=\"lazy\" decoding=\"async\" src=\"https:\/\/petersphotochannel.com\/wp-content\/uploads\/2022\/04\/7.jpg\" alt=\"7\" itemprop=\"image\" height=\"1066\" width=\"1600\" title=\"7\" onerror=\"this.style.display='none'\"  \/>\n\t<h3>7 de abril de 2022<br \/>\nEL LEICA VARIO-ELMAR-R 80-200mm f4 ZOOM<\/h3>\n<p>Como complemento al zoom 35-70mm f4 (ver abajo), aqu\u00ed est\u00e1 el teleobjetivo zoom 80-200mm de LEICA.<\/p>\n<p>Otro objetivo excepcional de la serie LEICA-R. Pude comprar el m\u00edo en eBay en abril de 2022 por s\u00f3lo 642 euros.<\/p>\n\t\t\t<a href=\"https:\/\/petersphotochannel.com\/es\/blog\/leica-vario-elmar-r-80-200mm-f4\/\" target=\"_self\" role=\"button\" rel=\"noopener\">\n\t\t\t\t\t\t\tM\u00e1s informaci\u00f3n\n\t\t\t\t\t<\/a>\n\t\t\t\t<img loading=\"lazy\" decoding=\"async\" src=\"https:\/\/petersphotochannel.com\/wp-content\/uploads\/2022\/03\/6.jpg\" alt=\"6\" itemprop=\"image\" height=\"1066\" width=\"1600\" title=\"6\" onerror=\"this.style.display='none'\"  \/>\n\t<h3>17 de marzo de 2022<br \/>\nAQU\u00cd, EL ZOOM ES MEJOR QUE LA DISTANCIA FOCAL FIJA:<br \/>\nEL LEICA VARIO-ELMAR-R 35-70mm f4 ZOOM MACRO<\/h3>\n<p>Todav\u00eda existe la posibilidad de comprar este extraordinario lente zoom por mucho menos de 1.000 euros.<\/p>\n<p>Si se corre la voz aqu\u00ed, te garantizo que no permanecer\u00e1 as\u00ed por mucho tiempo:<\/p>\n\t\t\t<a href=\"https:\/\/petersphotochannel.com\/es\/blog\/leica-vario-elmar-r-35-70mm-f4-macro\/\" target=\"_self\" role=\"button\" rel=\"noopener\">\n\t\t\t\t\t\t\tM\u00e1s informaci\u00f3n\n\t\t\t\t\t<\/a>\n\t\t\t\t<img loading=\"lazy\" decoding=\"async\" src=\"https:\/\/petersphotochannel.com\/wp-content\/uploads\/2020\/05\/HASSY503cw-23-von-6.jpg\" alt=\"HASSELBLAD 503cw 2\" itemprop=\"image\" height=\"553\" width=\"800\" title=\"HASSELBLAD 503cw 2\" onerror=\"this.style.display='none'\"  \/>\n\t<h3>6 de mayo de 2020 \/ LA \u00daLTIMA DE SU TIPO<\/h3>\n<p>Una camera HASSELBLAD ha sido durante mucho tiempo el s\u00edmbolo de la c\u00e1mara perfecta, el equipo fotogr\u00e1fico perfecto. Simplemente culto.<\/p>\n<p>Hoy en d\u00eda se puede comprar una HASSELBLAD de la serie 500 incluyendo la lente est\u00e1ndar (80mm f2.8) por menos de US$ 2.000 en buenas condiciones.<\/p>\n\t\t\t<a href=\"https:\/\/petersphotochannel.com\/es\/analog\/hasselblad-503cw\/\" target=\"_self\" role=\"button\" rel=\"noopener\">\n\t\t\t\t\t\t\tM\u00e1s informaci\u00f3n\n\t\t\t\t\t<\/a>\n\t\t\t\t<img loading=\"lazy\" decoding=\"async\" src=\"https:\/\/petersphotochannel.com\/wp-content\/uploads\/2020\/05\/GF670_klein.jpg\" alt=\"FujiFilm GF 670\" itemprop=\"image\" height=\"712\" width=\"800\" title=\"FujiFilm GF 670\" onerror=\"this.style.display='none'\"  \/>\n\t<h3>2 de mayo de 2020 \/ FUJIFILM GF670 &#8211; PURO ANACRONISMO<\/h3>\n<p>Seg\u00fan su apariencia, esta c\u00e1mara estar\u00eda ubicada en el rango de 1950 &#8211; 1960. De hecho, se produjo desde 2008 hasta 2014 y se vendi\u00f3 nueva hasta 2017.<\/p>\n<p>FUJI ha incorporado todo lo que la tecnolog\u00eda actual ofrece en este dise\u00f1o retro y ha construido la GF 670, la c\u00e1mara de formato medio 6&#215;7 m\u00e1s ligera (1kg), m\u00e1s peque\u00f1a y mejor del mundo.<\/p>\n<p>Con una lente que goza de una reputaci\u00f3n casi legendaria.<\/p>\n\t\t\t<a href=\"https:\/\/petersphotochannel.com\/es\/analog\/fujifilm-gf670\/\" target=\"_self\" role=\"button\" rel=\"noopener\">\n\t\t\t\t\t\t\tM\u00e1s informaci\u00f3n\n\t\t\t\t\t<\/a>\n\t\t\t\t<img loading=\"lazy\" decoding=\"async\" src=\"https:\/\/petersphotochannel.com\/wp-content\/uploads\/2020\/04\/Hyperfocal_21mm_Y.jpg\" alt=\"Hyperfocal_21mm\" itemprop=\"image\" height=\"339\" width=\"414\" title=\"Hyperfocal_21mm\" onerror=\"this.style.display='none'\"  \/>\n\t<h3>30 de abril de 2020 \/ CUANDO EL ENFOQUE MANUAL ES MEJOR QUE CUALQUIER ENFOQUE AUTOM\u00c1TICO<\/h3>\n<p>Con las lentes de gran angular, el rango de enfoque es tan profundo que el enfoque a distancia hiperfocal a menudo da m\u00e1s control sobre la composici\u00f3n de la imagen que el autoenfoque.<\/p>\n<p>El t\u00e9rmino \u00abdistancia hiperfocal\u00bb suena complicado al principio, pero es f\u00e1cil de explicar &#8211; y a\u00fan m\u00e1s f\u00e1cil de usar.<\/p>\n\t\t\t<a href=\"https:\/\/petersphotochannel.com\/es\/blog\/fuji-gfx-50r-vs-leica-sl2\/\" target=\"_self\" role=\"button\" rel=\"noopener\">\n\t\t\t\t\t\t\tM\u00e1s informaci\u00f3n\n\t\t\t\t\t<\/a>\n\t\t\t\t<img loading=\"lazy\" decoding=\"async\" src=\"https:\/\/petersphotochannel.com\/wp-content\/uploads\/2020\/04\/5erTEST-1.jpg\" alt=\"5erTEST\" itemprop=\"image\" height=\"714\" width=\"800\" title=\"5erTEST\" onerror=\"this.style.display='none'\"  \/>\n\t<h3>16 de abril de 2020 \/ FUJI GFX 100 vs. FUFI GFX 50 vs. LEICA SL2<\/h3>\n<p>En realidad, estaba bien posicionado con mis dos c\u00e1maras de formato medio FUJI &#8211; hasta que lleg\u00f3 la LEICA SL2.<\/p>\n<p>Al final de la prueba, vender\u00eda al menos una de estas tres c\u00e1maras, ya sea una de las Fuji o la LEICA que acababa de adquirir.<\/p>\n<p>En concreto, la c\u00e1mara que m\u00e1s a menudo se quedar\u00eda en casa, en el armario.<\/p>\n\t\t\t<a href=\"https:\/\/petersphotochannel.com\/es\/blog\/fuji-gfx-50r-vs-leica-sl2\/\" target=\"_self\" role=\"button\" rel=\"noopener\">\n\t\t\t\t\t\t\tM\u00e1s informaci\u00f3n\n\t\t\t\t\t<\/a>\n\t\t\t\t<img loading=\"lazy\" decoding=\"async\" src=\"https:\/\/petersphotochannel.com\/wp-content\/uploads\/2020\/04\/ROLLEI35SE-1.jpg\" alt=\"ROLLEI 35 SE\" itemprop=\"image\" height=\"479\" width=\"660\" title=\"ROLLEI 35 SE\" onerror=\"this.style.display='none'\"  \/>\n\t<h3>14 de abril de 2020 \/ ROLLEI 35 SE<\/h3>\n<p>Esta c\u00e1mara es una de las m\u00e1s peque\u00f1as de 35mm jam\u00e1s construidas.<\/p>\n<p>Ten\u00eda curiosidad por saber qu\u00e9 tipo de fotos toma con su lente extensible de 40 mm f 2.8.<\/p>\n\t\t\t<a href=\"https:\/\/petersphotochannel.com\/es\/analog\/rollei-35se\/\" target=\"_self\" role=\"button\" rel=\"noopener\">\n\t\t\t\t\t\t\tM\u00e1s informaci\u00f3n\n\t\t\t\t\t<\/a>\n\t\t\t\t<img loading=\"lazy\" decoding=\"async\" src=\"https:\/\/petersphotochannel.com\/wp-content\/uploads\/2020\/03\/CONTAX-G2_a.jpg\" alt=\"CONTAX G2\" itemprop=\"image\" height=\"517\" width=\"777\" title=\"CONTAX G2\" onerror=\"this.style.display='none'\"  \/>\n\t<h3>2 de abril de 2020 \/ CONTAX G2 &#8211; LA MEJOR LEICA?<\/h3>\n<p>Las c\u00e1maras CONTAX G2 eran m\u00e1s caras en los 90 que sus hom\u00f3logas LEICA. La empresa KYOCERA las hab\u00eda construido con la intenci\u00f3n de que fueran mejores que las de LEICA, es decir, que produjeran una tecnolog\u00eda japonesa que se situara por delante de las legendarias c\u00e1maras con tel\u00e9metro de LEICA.<\/p>\n<p>Y en muchos sentidos KYOCERA logr\u00f3 este objetivo . . .<\/p>\n\t\t\t<a href=\"https:\/\/petersphotochannel.com\/es\/analog\/contax-g2\/\" target=\"_self\" role=\"button\" rel=\"noopener\">\n\t\t\t\t\t\t\tM\u00e1s informaci\u00f3n\n\t\t\t\t\t<\/a>\n\t\t\t\t<img loading=\"lazy\" decoding=\"async\" src=\"https:\/\/petersphotochannel.com\/wp-content\/uploads\/2020\/04\/ebay.jpg\" alt=\"ebay\" itemprop=\"image\" height=\"420\" width=\"800\" title=\"ebay\" onerror=\"this.style.display='none'\"  \/>\n\t<h3>28 de marzo de 2020 \/ C\u00d3MO GANAR EN EBAY<\/h3>\n<p>He estado comprando casi todas mis c\u00e1maras y lentes usadas en EBAY durante a\u00f1os.<\/p>\n<p>Me adhiero a tres pautas con las que se puede ganar (casi) todas las subastas en EBAY y tambi\u00e9n obtener los bienes de primera calidad que deseaba.<\/p>\n\t\t\t<a href=\"https:\/\/petersphotochannel.com\/es\/blog\/ebay\/\" target=\"_self\" role=\"button\" rel=\"noopener\">\n\t\t\t\t\t\t\tM\u00e1s informaci\u00f3n\n\t\t\t\t\t<\/a>\n\t\t\t\t<img loading=\"lazy\" decoding=\"async\" src=\"https:\/\/petersphotochannel.com\/wp-content\/uploads\/2020\/03\/NIKON_DF_b-1.jpg\" alt=\"NIKON_Df\" itemprop=\"image\" height=\"424\" width=\"660\" title=\"NIKON_Df\" onerror=\"this.style.display='none'\"  \/>\n\t<h3>22 de marzo de 2020 \/ NIKON Df &#8211; RETRO DISE\u00d1O CON UN SILBATO<\/h3>\n<p>En 2013 NIKON lanz\u00f3 esta c\u00e1mara con la tecnolog\u00eda del mejor modelo NIKON D4. Adem\u00e1s del hermoso dise\u00f1o y la posibilidad de hacer todos los ajustes importantes a trav\u00e9s de los diales de aluminio fresado, esta c\u00e1mara ofrece una de las mejores calidades de imagen, incluso con valores ISO muy altos.<\/p>\n\t\t\t<a href=\"https:\/\/petersphotochannel.com\/es\/digital\/nikon-df\/\" target=\"_self\" role=\"button\" rel=\"noopener\">\n\t\t\t\t\t\t\tM\u00e1s informaci\u00f3n\n\t\t\t\t\t<\/a>\n\t\t\t\t<img loading=\"lazy\" decoding=\"async\" src=\"https:\/\/petersphotochannel.com\/wp-content\/uploads\/2020\/03\/LEICAohne-1.jpg\" alt=\"LEICA R6.2 sin logo\" itemprop=\"image\" height=\"436\" width=\"555\" title=\"LEICA R6.2 sin logo\" onerror=\"this.style.display='none'\"  \/>\n\t<h3>18 de marzo de 2020 \/ LEICA R-SERIES (R3-R9): \u00bfCU\u00c1L ES LA MEJOR?<\/h3>\n<p>Las c\u00e1maras LEICA R fueron el modelo sucesor del LEICAFLEX SL2 que se discute aqu\u00ed.<\/p>\n<p>La serie R es por lo tanto m\u00e1s joven, pero con 600 d\u00f3lares por c\u00e1maras bien conservadas tambi\u00e9n un poco m\u00e1s caras. La historia completa, desde el R3 al R9 y un consejo de compra:<\/p>\n\t\t\t<a href=\"https:\/\/petersphotochannel.com\/es\/analog\/leica-r6-2\/\" target=\"_self\" role=\"button\" rel=\"noopener\">\n\t\t\t\t\t\t\tM\u00e1s informaci\u00f3n\n\t\t\t\t\t<\/a>\n\t\t\t\t<img loading=\"lazy\" decoding=\"async\" src=\"https:\/\/petersphotochannel.com\/wp-content\/uploads\/2020\/03\/KEYLINE_01-1536x1152-1-300x225.jpg\" alt=\"KEYLINE_01-1536x1152\" itemprop=\"image\" height=\"225\" width=\"300\" title=\"KEYLINE_01-1536x1152\" onerror=\"this.style.display='none'\"  \/>\n\t<h3>6 de marzo de 2020 \/ Fotograf\u00eda KEYLINE<\/h3>\n<p>Con la fotograf\u00eda de l\u00ednea clave, el n\u00famero de colores se reduce enormemente, lo que resulta en \u00e1reas m\u00e1s grandes del mismo color.<\/p>\n<p>Si fotograf\u00edas cosas muy cotidianas, como estas ramas de haya sangrienta frente a un cielo nublado, obtienes im\u00e1genes muy extraordinarias.<\/p>\n\t\t\t<a href=\"https:\/\/petersphotochannel.com\/es\/digital\/olympus-pen-f-keyline\/\" target=\"_self\" role=\"button\" rel=\"noopener\">\n\t\t\t\t\t\t\tM\u00e1s informaci\u00f3n\n\t\t\t\t\t<\/a>\n\t\t\t\t<img loading=\"lazy\" decoding=\"async\" src=\"https:\/\/petersphotochannel.com\/wp-content\/uploads\/2020\/03\/STREET_03-1536x1152-1-300x225.jpg\" alt=\"STREET_03-1536x1152\" itemprop=\"image\" height=\"225\" width=\"300\" title=\"STREET_03-1536x1152\" onerror=\"this.style.display='none'\"  \/>\n\t<h3>20 de febrero de 20020 \/ GALER\u00cdA DE FOTOS<\/h3>\n<p>Macros, fotograf\u00eda de l\u00edneas clave, fotograf\u00eda callejera, fotograf\u00eda de paisajes, arquitectura, fotograf\u00eda objetual, todo esto se puede encontrar en la galer\u00eda . . .<\/p>\n\t\t\t<a href=\"https:\/\/petersphotochannel.com\/es\/galeria\/\" target=\"_self\" role=\"button\" rel=\"noopener\">\n\t\t\t\t\t\t\tM\u00e1s informaci\u00f3n\n\t\t\t\t\t<\/a>\n\t\t\t\t<img loading=\"lazy\" decoding=\"async\" src=\"https:\/\/petersphotochannel.com\/wp-content\/uploads\/2022\/03\/FUJI_GFX_Noctilux2-300x271.jpg\" alt=\"FUJI_GFX_Noctilux2\" itemprop=\"image\" height=\"271\" width=\"300\" title=\"FUJI_GFX_Noctilux2\" onerror=\"this.style.display='none'\"  \/>\n\t<h3>17 de febrero de 2020   \/   NOCTILUX DE CANON?<br \/>\nCon adaptador para FUJI GFX o SONY<\/h3>\n<p>Este asf\u00e9rico <strong>50mm f1.2 FD<\/strong>-lente de CANON es <strong>el lente de 50mm m\u00e1s avanzado<\/strong> con enfoque exclusivamente manual de todos los tiempos.<\/p>\n<p>Incluso LEICA nunca ha incorporado asferas y elementos flotantes en sus objetivos de 50mm f1.2.<\/p>\n<p>El esp\u00e9cimen que aparece aqu\u00ed lo compr\u00e9 <strong>a inicios del 2020 por US$ 699 en un distribuidor LEICA<\/strong>austr\u00edaco. Lo que logra este lente es muy impresionante &#8211; independiente del precio.<\/p>\n\t\t\t<a href=\"https:\/\/petersphotochannel.com\/es\/digital\/canon-fd-50mm-1-2-l\/\" target=\"_self\" role=\"button\" rel=\"noopener\">\n\t\t\t\t\t\t\tM\u00e1s informaci\u00f3n\n\t\t\t\t\t<\/a>\n\t\t\t\t<img loading=\"lazy\" decoding=\"async\" src=\"https:\/\/petersphotochannel.com\/wp-content\/uploads\/2020\/03\/LEICA_SL2_Vitrine_a-300x225.jpg\" alt=\"LEICA_SL2_Vitrine_a\" itemprop=\"image\" height=\"225\" width=\"300\" title=\"LEICA_SL2_Vitrine_a\" onerror=\"this.style.display='none'\"  \/>\n\t<h3>8 de febrero de 2020 \/ LEICAFLEX SL2<\/h3>\n<p>La LEICAFLEX SL2 entregada en 1974 &#8211; 1976 sigue siendo considerada por los expertos como la mejor c\u00e1mara LEICA SLR de todos los tiempos. Punto.<\/p>\n<p>Al mismo tiempo, es hoy la entrada m\u00e1s barata en el mundo LEICA. Compr\u00e9 la c\u00e1mara que se muestra aqu\u00ed en \u00f3ptimas condiciones en eBay en diciembre de 2019 por US$ 400. \u00a1Y la lente LEICA 50mm f2 SUMMICRON por tan solo US$ 299!<\/p>\n\t\t\t<a href=\"https:\/\/petersphotochannel.com\/es\/analog\/leicaflex-sl2\/\" target=\"_self\" role=\"button\" rel=\"noopener\">\n\t\t\t\t\t\t\tM\u00e1s informaci\u00f3n\n\t\t\t\t\t<\/a>\n\n","protected":false},"excerpt":{"rendered":"<p>NUEVAS CONTRIBUCIONES (cronol\u00f3gicas) Aqu\u00ed todo est\u00e1 ordenado por fecha, lo que es nuevo en este sitio web, lo \u00faltimo siempre en la parte superior! 21 de septiembre 2022 OBJETIVOS MAMIYA DE FORMATO MEDIO A PRECIOS DE CHATARRA Durante mucho tiempo el competidor de HASSELBLAD, MAMIYA fue finalmente comprada por PHASE ONE &#8211; el fabricante de&hellip;<\/p>\n","protected":false},"author":3,"featured_media":0,"parent":0,"menu_order":5,"comment_status":"closed","ping_status":"closed","template":"","meta":{"_acf_changed":false,"footnotes":""},"class_list":["post-5700","page","type-page","status-publish","hentry"],"acf":[],"yoast_head":"<!-- This site is optimized with the Yoast SEO plugin v27.4 - https:\/\/yoast.com\/product\/yoast-seo-wordpress\/ -->\n<title>Peter&#039;s Photo Channel - NOVEDADES!<\/title>\n<meta name=\"robots\" content=\"index, follow, max-snippet:-1, max-image-preview:large, max-video-preview:-1\" \/>\n<link rel=\"canonical\" href=\"https:\/\/petersphotochannel.com\/es\/neu\/\" \/>\n<meta property=\"og:locale\" content=\"es_ES\" \/>\n<meta property=\"og:type\" content=\"article\" \/>\n<meta property=\"og:title\" content=\"Peter&#039;s Photo Channel - NOVEDADES!\" \/>\n<meta property=\"og:description\" content=\"NUEVAS CONTRIBUCIONES (cronol\u00f3gicas) Aqu\u00ed todo est\u00e1 ordenado por fecha, lo que es nuevo en este sitio web, lo \u00faltimo siempre en la parte superior! 21 de septiembre 2022 OBJETIVOS MAMIYA DE FORMATO MEDIO A PRECIOS DE CHATARRA Durante mucho tiempo el competidor de HASSELBLAD, MAMIYA fue finalmente comprada por PHASE ONE &#8211; el fabricante de&hellip;\" \/>\n<meta property=\"og:url\" content=\"https:\/\/petersphotochannel.com\/es\/neu\/\" \/>\n<meta property=\"og:site_name\" content=\"Peter&#039;s Photo Channel\" \/>\n<meta property=\"article:modified_time\" content=\"2022-09-22T08:57:30+00:00\" \/>\n<meta property=\"og:image\" content=\"https:\/\/petersphotochannel.com\/wp-content\/uploads\/2020\/03\/NEWSL_zeitung-300x203.jpg\" \/>\n<meta name=\"twitter:card\" content=\"summary_large_image\" \/>\n<meta name=\"twitter:label1\" content=\"Tiempo de lectura\" \/>\n\t<meta name=\"twitter:data1\" content=\"6 minutos\" \/>\n<script type=\"application\/ld+json\" class=\"yoast-schema-graph\">{\"@context\":\"https:\\\/\\\/schema.org\",\"@graph\":[{\"@type\":\"WebPage\",\"@id\":\"https:\\\/\\\/petersphotochannel.com\\\/es\\\/neu\\\/\",\"url\":\"https:\\\/\\\/petersphotochannel.com\\\/es\\\/neu\\\/\",\"name\":\"Peter's Photo Channel - NOVEDADES!\",\"isPartOf\":{\"@id\":\"https:\\\/\\\/petersphotochannel.com\\\/es\\\/#website\"},\"primaryImageOfPage\":{\"@id\":\"https:\\\/\\\/petersphotochannel.com\\\/es\\\/neu\\\/#primaryimage\"},\"image\":{\"@id\":\"https:\\\/\\\/petersphotochannel.com\\\/es\\\/neu\\\/#primaryimage\"},\"thumbnailUrl\":\"https:\\\/\\\/petersphotochannel.com\\\/wp-content\\\/uploads\\\/2020\\\/03\\\/NEWSL_zeitung-300x203.jpg\",\"datePublished\":\"2020-03-11T12:15:19+00:00\",\"dateModified\":\"2022-09-22T08:57:30+00:00\",\"breadcrumb\":{\"@id\":\"https:\\\/\\\/petersphotochannel.com\\\/es\\\/neu\\\/#breadcrumb\"},\"inLanguage\":\"es\",\"potentialAction\":[{\"@type\":\"ReadAction\",\"target\":[\"https:\\\/\\\/petersphotochannel.com\\\/es\\\/neu\\\/\"]}]},{\"@type\":\"ImageObject\",\"inLanguage\":\"es\",\"@id\":\"https:\\\/\\\/petersphotochannel.com\\\/es\\\/neu\\\/#primaryimage\",\"url\":\"https:\\\/\\\/petersphotochannel.com\\\/wp-content\\\/uploads\\\/2020\\\/03\\\/NEWSL_zeitung-300x203.jpg\",\"contentUrl\":\"https:\\\/\\\/petersphotochannel.com\\\/wp-content\\\/uploads\\\/2020\\\/03\\\/NEWSL_zeitung-300x203.jpg\"},{\"@type\":\"BreadcrumbList\",\"@id\":\"https:\\\/\\\/petersphotochannel.com\\\/es\\\/neu\\\/#breadcrumb\",\"itemListElement\":[{\"@type\":\"ListItem\",\"position\":1,\"name\":\"Startseite\",\"item\":\"https:\\\/\\\/petersphotochannel.com\\\/es\\\/\"},{\"@type\":\"ListItem\",\"position\":2,\"name\":\"novedades!\"}]},{\"@type\":\"WebSite\",\"@id\":\"https:\\\/\\\/petersphotochannel.com\\\/es\\\/#website\",\"url\":\"https:\\\/\\\/petersphotochannel.com\\\/es\\\/\",\"name\":\"Peter&#039;s Photo Channel\",\"description\":\"\",\"potentialAction\":[{\"@type\":\"SearchAction\",\"target\":{\"@type\":\"EntryPoint\",\"urlTemplate\":\"https:\\\/\\\/petersphotochannel.com\\\/es\\\/?s={search_term_string}\"},\"query-input\":{\"@type\":\"PropertyValueSpecification\",\"valueRequired\":true,\"valueName\":\"search_term_string\"}}],\"inLanguage\":\"es\"}]}<\/script>\n<!-- \/ Yoast SEO plugin. -->","yoast_head_json":{"title":"Peter's Photo Channel - NOVEDADES!","robots":{"index":"index","follow":"follow","max-snippet":"max-snippet:-1","max-image-preview":"max-image-preview:large","max-video-preview":"max-video-preview:-1"},"canonical":"https:\/\/petersphotochannel.com\/es\/neu\/","og_locale":"es_ES","og_type":"article","og_title":"Peter's Photo Channel - NOVEDADES!","og_description":"NUEVAS CONTRIBUCIONES (cronol\u00f3gicas) Aqu\u00ed todo est\u00e1 ordenado por fecha, lo que es nuevo en este sitio web, lo \u00faltimo siempre en la parte superior! 21 de septiembre 2022 OBJETIVOS MAMIYA DE FORMATO MEDIO A PRECIOS DE CHATARRA Durante mucho tiempo el competidor de HASSELBLAD, MAMIYA fue finalmente comprada por PHASE ONE &#8211; el fabricante de&hellip;","og_url":"https:\/\/petersphotochannel.com\/es\/neu\/","og_site_name":"Peter&#039;s Photo Channel","article_modified_time":"2022-09-22T08:57:30+00:00","og_image":[{"url":"https:\/\/petersphotochannel.com\/wp-content\/uploads\/2020\/03\/NEWSL_zeitung-300x203.jpg","type":"","width":"","height":""}],"twitter_card":"summary_large_image","twitter_misc":{"Tiempo de lectura":"6 minutos"},"schema":{"@context":"https:\/\/schema.org","@graph":[{"@type":"WebPage","@id":"https:\/\/petersphotochannel.com\/es\/neu\/","url":"https:\/\/petersphotochannel.com\/es\/neu\/","name":"Peter's Photo Channel - NOVEDADES!","isPartOf":{"@id":"https:\/\/petersphotochannel.com\/es\/#website"},"primaryImageOfPage":{"@id":"https:\/\/petersphotochannel.com\/es\/neu\/#primaryimage"},"image":{"@id":"https:\/\/petersphotochannel.com\/es\/neu\/#primaryimage"},"thumbnailUrl":"https:\/\/petersphotochannel.com\/wp-content\/uploads\/2020\/03\/NEWSL_zeitung-300x203.jpg","datePublished":"2020-03-11T12:15:19+00:00","dateModified":"2022-09-22T08:57:30+00:00","breadcrumb":{"@id":"https:\/\/petersphotochannel.com\/es\/neu\/#breadcrumb"},"inLanguage":"es","potentialAction":[{"@type":"ReadAction","target":["https:\/\/petersphotochannel.com\/es\/neu\/"]}]},{"@type":"ImageObject","inLanguage":"es","@id":"https:\/\/petersphotochannel.com\/es\/neu\/#primaryimage","url":"https:\/\/petersphotochannel.com\/wp-content\/uploads\/2020\/03\/NEWSL_zeitung-300x203.jpg","contentUrl":"https:\/\/petersphotochannel.com\/wp-content\/uploads\/2020\/03\/NEWSL_zeitung-300x203.jpg"},{"@type":"BreadcrumbList","@id":"https:\/\/petersphotochannel.com\/es\/neu\/#breadcrumb","itemListElement":[{"@type":"ListItem","position":1,"name":"Startseite","item":"https:\/\/petersphotochannel.com\/es\/"},{"@type":"ListItem","position":2,"name":"novedades!"}]},{"@type":"WebSite","@id":"https:\/\/petersphotochannel.com\/es\/#website","url":"https:\/\/petersphotochannel.com\/es\/","name":"Peter&#039;s Photo Channel","description":"","potentialAction":[{"@type":"SearchAction","target":{"@type":"EntryPoint","urlTemplate":"https:\/\/petersphotochannel.com\/es\/?s={search_term_string}"},"query-input":{"@type":"PropertyValueSpecification","valueRequired":true,"valueName":"search_term_string"}}],"inLanguage":"es"}]}},"_links":{"self":[{"href":"https:\/\/petersphotochannel.com\/es\/wp-json\/wp\/v2\/pages\/5700","targetHints":{"allow":["GET"]}}],"collection":[{"href":"https:\/\/petersphotochannel.com\/es\/wp-json\/wp\/v2\/pages"}],"about":[{"href":"https:\/\/petersphotochannel.com\/es\/wp-json\/wp\/v2\/types\/page"}],"author":[{"embeddable":true,"href":"https:\/\/petersphotochannel.com\/es\/wp-json\/wp\/v2\/users\/3"}],"replies":[{"embeddable":true,"href":"https:\/\/petersphotochannel.com\/es\/wp-json\/wp\/v2\/comments?post=5700"}],"version-history":[{"count":8,"href":"https:\/\/petersphotochannel.com\/es\/wp-json\/wp\/v2\/pages\/5700\/revisions"}],"predecessor-version":[{"id":7317,"href":"https:\/\/petersphotochannel.com\/es\/wp-json\/wp\/v2\/pages\/5700\/revisions\/7317"}],"wp:attachment":[{"href":"https:\/\/petersphotochannel.com\/es\/wp-json\/wp\/v2\/media?parent=5700"}],"curies":[{"name":"wp","href":"https:\/\/api.w.org\/{rel}","templated":true}]}}